{"id":643,"date":"2020-05-02T19:20:10","date_gmt":"2020-05-02T17:20:10","guid":{"rendered":"https:\/\/wp.zszastavka.cz\/?page_id=643"},"modified":"2024-02-27T07:43:13","modified_gmt":"2024-02-27T06:43:13","slug":"archiv-projektu","status":"publish","type":"page","link":"https:\/\/zszastavka.cz\/?page_id=643","title":{"rendered":"Archiv projekt\u016f"},"content":{"rendered":"\n<h2 class=\"wp-block-heading\" id=\"polygram\">Polygram<\/h2>\n\n\n\n<p>\u201ePolyGram \u2013 Podpora polytechnick\u00e9ho vzd\u011bl\u00e1v\u00e1n\u00ed, matematick\u00e9 a \u010dten\u00e1\u0159sk\u00e9 gramotnosti v Jihomoravsk\u00e9m kraji\u201c, registra\u010dn\u00ed \u010d\u00edslo CZ.02.3.68\/0.0\/0.0\/16_034\/0008358, v r\u00e1mci Opera\u010dn\u00edho programu V\u00fdzkum, v\u00fdvoj a vzd\u011bl\u00e1v\u00e1n\u00ed. Na projekt je poskytov\u00e1na finan\u010dn\u00ed podpora EU, M\u0160MT a Jihomoravsk\u00e9ho kraje.<br>Projekt se v\u011bnuje oblasti intervenc\u00ed matematick\u00e9 a \u010dten\u00e1\u0159sk\u00e9 gramotnosti a polytechniky.<br>Hlavn\u00edm c\u00edlem je podpora pedagogick\u00fdch pracovn\u00edk\u016f \u0161kol, vytv\u00e1\u0159en\u00ed s\u00edt\u00ed spolupracuj\u00edc\u00edch z\u00e1kladn\u00edch a st\u0159edn\u00edch \u0161kol, vytvo\u0159en\u00ed krajsk\u00e9ho metodick\u00e9ho kabinetu matematiky, podpora programu \u201eTechnick\u00e9 M\u0160\u201c.<br>D\u00e9lka trv\u00e1n\u00ed: od 1. prosince 2017 do 30. srpna 2020.<br>Kl\u00ed\u010dov\u00e1 aktivita KA02 Podpora matematick\u00e9 a \u010dten\u00e1\u0159sk\u00e9 gramotnosti zahrnuje tyto d\u00edl\u010d\u00ed aktivity:<\/p>\n\n\n\n<ol class=\"wp-block-list\">\n<li>M-kabinety<\/li>\n\n\n\n<li>Podpora matematick\u00e9 \u010dten\u00e1\u0159sk\u00e9 gramotnosti<\/li>\n\n\n\n<li>M-port\u00e1l<\/li>\n\n\n\n<li>M-d\u00edlny pro u\u010ditele matematiky<\/li>\n\n\n\n<li>M-krou\u017eky<\/li>\n\n\n\n<li>M-exkurze<\/li>\n\n\n\n<li>M-t\u00e1bory<\/li>\n\n\n\n<li>M-soust\u0159ed\u011bn\u00ed<\/li>\n\n\n\n<li>M-konference<\/li>\n<\/ol>\n\n\n\n<p>Tyto M-aktivity realizuje JCMM, z. s. p. o.<\/p>\n\n\n\n<p>Bli\u017e\u0161\u00ed informace naleznete <a href=\"https:\/\/www.jcmm.cz\/projekt\/polygram_ucitele#pageId1%20a%20JMK%20https:\/\/kap.kr-jihomoravsky.cz\/public\/projects\" target=\"_blank\" rel=\"noreferrer noopener\">na str\u00e1nk\u00e1ch JCMM<\/a>.<\/p>\n\n\n\n<hr class=\"wp-block-separator has-alpha-channel-opacity\"\/>\n\n\n\n<h2 class=\"wp-block-heading\">Podpora \u0161kol formou projekt\u016f zjednodu\u0161en\u00e9ho vykazov\u00e1n\u00ed<br>\u0160ablony pro M\u0160 a Z\u0160 I<\/h2>\n\n\n\n<p>\u0160kola obdr\u017eela dotaci pro projekt s n\u00e1zvem \u201ePodpora vzd\u011bl\u00e1v\u00e1n\u00ed na z\u00e1kladn\u00ed \u0161kole\u201c.<\/p>\n\n\n<div class=\"wp-block-image\">\n<figure class=\"alignleft size-large is-resized\"><img loading=\"lazy\" decoding=\"async\" width=\"532\" height=\"752\" src=\"https:\/\/zszastavka.cz\/wp-content\/uploads\/2020\/05\/plakat_A3_ESF-1.jpg\" alt=\"\" class=\"wp-image-4143\" style=\"width:532px;height:752px\"\/><\/figure>\n<\/div>\n\n\n<hr class=\"wp-block-separator has-css-opacity\"\/>\n\n\n\n<h2 class=\"wp-block-heading\"><\/h2>\n\n\n\n<h2 class=\"wp-block-heading\">Dostavba plotu kolem are\u00e1lu M\u0160<\/h2>\n\n\n\n<p>Dostavbu plotu kolem are\u00e1lu M\u0160 v roce  2016 podpo\u0159il Jihomoravsk\u00fd kraj.<\/p>\n\n\n\n<figure class=\"wp-block-image size-large\"><img loading=\"lazy\" decoding=\"async\" width=\"618\" height=\"115\" src=\"https:\/\/zszastavka.cz\/wp-content\/uploads\/2020\/05\/JmK_dotace-1.jpg\" alt=\"\" class=\"wp-image-4144\"\/><\/figure>\n\n\n\n<hr class=\"wp-block-separator has-alpha-channel-opacity\"\/>\n\n\n\n<h2 class=\"wp-block-heading\">Rekonstrukce oken<\/h2>\n\n\n\n<p>Rekonstrukci oken v budov\u011b z\u00e1kladn\u00ed \u0161koly v letech 2014 a 2015 podpo\u0159il Jihomoravsk\u00fd kraj.<\/p>\n\n\n\n<p>Rekonstrukci oken v roce 2013 v budov\u00e1ch mate\u0159sk\u00fdch \u0161kol U \u0160koly a Hav\u00ed\u0159sk\u00e1 podpo\u0159il Jihomoravsk\u00fd kraj.<\/p>\n\n\n\n<p><\/p>\n\n\n\n<figure class=\"wp-block-image size-large\"><a href=\"https:\/\/dotace.kr-jihomoravsky.cz\/\" target=\"_blank\" rel=\"noopener noreferrer\"><img loading=\"lazy\" decoding=\"async\" width=\"618\" height=\"115\" src=\"https:\/\/zszastavka.cz\/wp-content\/uploads\/2020\/05\/JmK_dotace-1.jpg\" alt=\"\" class=\"wp-image-4144\"\/><\/a><\/figure>\n\n\n\n<hr class=\"wp-block-separator has-css-opacity\"\/>\n\n\n\n<h2 class=\"wp-block-heading\"><strong>Opera\u010dn\u00edho program Vzd\u011bl\u00e1v\u00e1n\u00ed pro konkurenceschopnost<\/strong><\/h2>\n\n\n\n<p>Z\u00e1kladn\u00ed \u0161kola je p\u0159\u00edjemcem dotace pro oblast podpory 1.1 \u2013 Zvy\u0161ov\u00e1n\u00ed kvality ve vzd\u011bl\u00e1v\u00e1n\u00ed, <strong>Opera\u010dn\u00edho programu Vzd\u011bl\u00e1v\u00e1n\u00ed pro konkurenceschopnost.<\/strong><\/p>\n\n\n\n<figure class=\"wp-block-image size-large\"><img loading=\"lazy\" decoding=\"async\" width=\"260\" height=\"367\" src=\"https:\/\/zszastavka.cz\/wp-content\/uploads\/2020\/05\/op_vk_56-1.jpg\" alt=\"\" class=\"wp-image-4145\"\/><\/figure>\n\n\n\n<hr class=\"wp-block-separator has-css-opacity\"\/>\n\n\n\n<h2 class=\"wp-block-heading\">\u0160kola je zapojena do v\u00fdzvy <strong>EU pen\u00edze \u0161kol\u00e1m<\/strong><\/h2>\n\n\n\n<p>Projekt OP VK 4.1 &#8211; EU pen\u00edze do \u0161kol -\u010d\u00edslo projektu CZ.1.07\/1.4.00\/21.2756<\/p>\n\n\n\n<p>V\u0161echny vytvo\u0159en\u00e9 v\u00fdukov\u00e9 materi\u00e1ly <a href=\"https:\/\/databaze.op-vk.cz\/Project\/Detail\/4999\" target=\"_blank\" rel=\"noreferrer noopener\">jsou dostupn\u00e9 zde<\/a>.<\/p>\n\n\n\n<figure class=\"wp-block-image size-large\"><img loading=\"lazy\" decoding=\"async\" width=\"260\" height=\"368\" src=\"https:\/\/zszastavka.cz\/wp-content\/uploads\/2020\/05\/plakat_1.4-1.jpg\" alt=\"\" class=\"wp-image-4146\"\/><\/figure>\n\n\n\n<hr class=\"wp-block-separator has-css-opacity\"\/>\n\n\n\n<h2 class=\"wp-block-heading\">Centrum celo\u017eivotn\u00edho vzd\u011bl\u00e1v\u00e1n\u00ed<\/h2>\n\n\n\n<p>Obec Zast\u00e1vka vybudovala v objektu z\u00e1kladn\u00ed \u0161koly Centrum celo\u017eivotn\u00edho vzd\u011bl\u00e1v\u00e1n\u00ed.<\/p>\n\n\n\n<figure class=\"wp-block-image size-large\"><img loading=\"lazy\" decoding=\"async\" width=\"532\" height=\"532\" src=\"https:\/\/zszastavka.cz\/wp-content\/uploads\/2020\/05\/ccv-1.jpg\" alt=\"\" class=\"wp-image-4147\" srcset=\"https:\/\/zszastavka.cz\/wp-content\/uploads\/2020\/05\/ccv-1.jpg 532w, https:\/\/zszastavka.cz\/wp-content\/uploads\/2020\/05\/ccv-1-300x300.jpg 300w, https:\/\/zszastavka.cz\/wp-content\/uploads\/2020\/05\/ccv-1-150x150.jpg 150w\" sizes=\"auto, (max-width: 532px) 100vw, 532px\" \/><\/figure>\n","protected":false},"excerpt":{"rendered":"<p>Polygram \u201ePolyGram \u2013 Podpora polytechnick\u00e9ho vzd\u011bl\u00e1v\u00e1n\u00ed, matematick\u00e9 a \u010dten\u00e1\u0159sk\u00e9 gramotnosti v Jihomoravsk\u00e9m kraji\u201c, registra\u010dn\u00ed \u010d\u00edslo CZ.02.3.68\/0.0\/0.0\/16_034\/0008358, v r\u00e1mci Opera\u010dn\u00edho programu V\u00fdzkum, v\u00fdvoj a vzd\u011bl\u00e1v\u00e1n\u00ed. Na projekt je poskytov\u00e1na finan\u010dn\u00ed podpora EU, M\u0160MT a Jihomoravsk\u00e9ho kraje.Projekt se v\u011bnuje oblasti intervenc\u00ed matematick\u00e9 a \u010dten\u00e1\u0159sk\u00e9 gramotnosti a polytechniky.Hlavn\u00edm c\u00edlem je podpora pedagogick\u00fdch pracovn\u00edk\u016f \u0161kol, vytv\u00e1\u0159en\u00ed s\u00edt\u00ed spolupracuj\u00edc\u00edch z\u00e1kladn\u00edch&hellip;<\/p>\n","protected":false},"author":1,"featured_media":0,"parent":241,"menu_order":0,"comment_status":"closed","ping_status":"closed","template":"","meta":{"footnotes":""},"class_list":["post-643","page","type-page","status-publish","hentry"],"_links":{"self":[{"href":"https:\/\/zszastavka.cz\/index.php?rest_route=\/wp\/v2\/pages\/643","targetHints":{"allow":["GET"]}}],"collection":[{"href":"https:\/\/zszastavka.cz\/index.php?rest_route=\/wp\/v2\/pages"}],"about":[{"href":"https:\/\/zszastavka.cz\/index.php?rest_route=\/wp\/v2\/types\/page"}],"author":[{"embeddable":true,"href":"https:\/\/zszastavka.cz\/index.php?rest_route=\/wp\/v2\/users\/1"}],"replies":[{"embeddable":true,"href":"https:\/\/zszastavka.cz\/index.php?rest_route=%2Fwp%2Fv2%2Fcomments&post=643"}],"version-history":[{"count":2,"href":"https:\/\/zszastavka.cz\/index.php?rest_route=\/wp\/v2\/pages\/643\/revisions"}],"predecessor-version":[{"id":19169,"href":"https:\/\/zszastavka.cz\/index.php?rest_route=\/wp\/v2\/pages\/643\/revisions\/19169"}],"up":[{"embeddable":true,"href":"https:\/\/zszastavka.cz\/index.php?rest_route=\/wp\/v2\/pages\/241"}],"wp:attachment":[{"href":"https:\/\/zszastavka.cz\/index.php?rest_route=%2Fwp%2Fv2%2Fmedia&parent=643"}],"curies":[{"name":"wp","href":"https:\/\/api.w.org\/{rel}","templated":true}]}}