{"id":241,"date":"2020-04-26T21:03:27","date_gmt":"2020-04-26T19:03:27","guid":{"rendered":"https:\/\/wp.zszastavka.cz\/?page_id=241"},"modified":"2025-09-12T14:06:45","modified_gmt":"2025-09-12T12:06:45","slug":"projekty-skoly","status":"publish","type":"page","link":"https:\/\/zszastavka.cz\/?page_id=241","title":{"rendered":"Projekty \u0161koly"},"content":{"rendered":"\n<h2 class=\"wp-block-heading\">N\u00e1stavba \u0161koly<\/h2>\n\n\n\n<p><strong>Z\u00e1kladn\u00ed \u0161kola a Mate\u0159sk\u00e1 \u0161kola T.G. Masaryka Zast\u00e1vka, N\u00e1stavba u\u010deben<\/strong><\/p>\n\n\n<div class=\"wp-block-image\">\n<figure class=\"aligncenter\"><img loading=\"lazy\" decoding=\"async\" width=\"1200\" height=\"177\" src=\"https:\/\/zszastavka.cz\/wp-content\/uploads\/2025\/01\/MMR-1.png\" alt=\"\" class=\"wp-image-22038\" srcset=\"https:\/\/zszastavka.cz\/wp-content\/uploads\/2025\/01\/MMR-1.png 1200w, https:\/\/zszastavka.cz\/wp-content\/uploads\/2025\/01\/MMR-1-768x113.png 768w\" sizes=\"auto, (max-width: 1200px) 100vw, 1200px\" \/><\/figure>\n<\/div>\n\n\n<p>Hlavn\u00edm c\u00edlem projektu je nadstavba ve 4. NP, kde mimo jin\u00e9 vzniknou nov\u00e9 odborn\u00e9 u\u010debny a kabinety. Projekt z\u00e1rove\u0148 \u0159e\u0161\u00ed \u00fapravy i ve st\u00e1vaj\u00edc\u00edch prostor\u00e1ch, kdy v ka\u017ed\u00e9m podla\u017e\u00ed dojde ke stavebn\u00edm \u00faprav\u00e1m, vzniknou zde bezbari\u00e9rov\u00e1 WC nebo nov\u00fd v\u00fdtah.<\/p>\n\n\n\n<p>Projekt <strong>Z\u00e1kladn\u00ed \u0161kola a Mate\u0159sk\u00e1 \u0161kola T.G. Masaryka Zast\u00e1vka, N\u00e1stavba u\u010deben<\/strong> je spolufinancov\u00e1n Evropskou uni\u00ed.<\/p>\n\n\n\n<p>Registra\u010dn\u00ed \u010d\u00edslo projektu: <strong>CZ.06.04.01\/00\/22_037\/0003248<\/strong><\/p>\n\n\n\n<p>Term\u00edn realizace projektu: 2022\u20132026<\/p>\n\n\n\n<hr class=\"wp-block-separator has-alpha-channel-opacity\"\/>\n\n\n\n<h2 class=\"wp-block-heading\">Digitalizujeme \u0161kolu<\/h2>\n\n\n<a href=\"https:\/\/zszastavka.cz\/wp-content\/uploads\/2024\/03\/Cil-173-a-174-NPO.pdf\" class=\"pdfemb-viewer\" style=\"\" data-width=\"max\" data-height=\"max\" data-toolbar=\"bottom\" data-toolbar-fixed=\"on\">Cil-173-a-174-NPO<\/a>\n\n<a href=\"https:\/\/zszastavka.cz\/wp-content\/uploads\/2024\/03\/Cil-172-\u2013-distancni-vyuka.pdf\" class=\"pdfemb-viewer\" style=\"\" data-width=\"max\" data-height=\"max\" data-toolbar=\"bottom\" data-toolbar-fixed=\"on\">Cil-172-\u2013-distancni-vyuka<\/a>\n\n\n<div class=\"wp-block-columns is-layout-flex wp-container-core-columns-is-layout-9d6595d7 wp-block-columns-is-layout-flex\">\n<div class=\"wp-block-column is-layout-flow wp-block-column-is-layout-flow\" style=\"flex-basis:100%\"><\/div>\n<\/div>\n\n\n\n<hr class=\"wp-block-separator has-alpha-channel-opacity\"\/>\n\n\n\n<h2 class=\"wp-block-heading\">Ovoce, zelenina a ml\u00e9ko do \u0161kol<\/h2>\n\n\n<a href=\"https:\/\/zszastavka.cz\/wp-content\/uploads\/2024\/06\/plakat.pdf\" class=\"pdfemb-viewer\" style=\"\" data-width=\"max\" data-height=\"max\" data-toolbar=\"bottom\" data-toolbar-fixed=\"on\">plakat<\/a>\n\n\n<hr class=\"wp-block-separator has-alpha-channel-opacity\"\/>\n\n\n\n<h2 class=\"wp-block-heading\" id=\"projekt-doucovani-zaku-skol-npo\">Dou\u010dov\u00e1n\u00ed \u017e\u00e1k\u016f \u0161kol \u2013 NPO<\/h2>\n\n\n<a href=\"https:\/\/zszastavka.cz\/wp-content\/uploads\/2022\/02\/plakatA4NPO-1.pdf\" class=\"pdfemb-viewer\" style=\"\" data-width=\"max\" data-height=\"max\" data-toolbar=\"bottom\" data-toolbar-fixed=\"on\">plakatA4NPO-1<\/a>\n\n\n<hr class=\"wp-block-separator has-css-opacity\"\/>\n\n\n\n<h2 class=\"wp-block-heading\" id=\"podpora-gramotnosti\">Podpora gramotnost\u00ed<\/h2>\n\n\n<div class=\"wp-block-image\">\n<figure class=\"aligncenter size-large\"><img loading=\"lazy\" decoding=\"async\" width=\"642\" height=\"67\" src=\"https:\/\/zszastavka.cz\/wp-content\/uploads\/2020\/10\/obrazek.png\" alt=\"\" class=\"wp-image-5349\"\/><\/figure>\n<\/div>\n\n\n<p>Kl\u00ed\u010dov\u00e1 aktivita &nbsp;\u201ePodpora gramotnost\u00ed&#8220;, \u010d\u00e1st \u201eMatematick\u00e1 gramotnost\u201d je realizov\u00e1na v r\u00e1mci projektu Implementace KAP JMK II, registra\u010dn\u00ed \u010d\u00edslo CZ.02.3.68\/0.0\/0.0\/19_078\/0017177 v r\u00e1mci Opera\u010dn\u00edho programu V\u00fdzkum, v\u00fdvoj a&nbsp;vzd\u011bl\u00e1v\u00e1n\u00ed, s finan\u010dn\u00ed podporou z Evropsk\u00e9 unie a Ministerstva \u0161kolstv\u00ed ml\u00e1de\u017ee a t\u011blov\u00fdchovy.<\/p>\n\n\n\n<p>Aktivity jsou realizov\u00e1ny Jihomoravsk\u00fdm krajem ve spolupr\u00e1ci s JCMM, z. s. p. o. jako partnerem a&nbsp;budou prob\u00edhat od 1. 9. 2020 do 31. 8. 2023.<\/p>\n\n\n\n<p>Hlavn\u00edm \u00fakolem je prost\u0159ednictv\u00edm profesn\u00edho rozvoje pedagog\u016f matematiky zvy\u0161ovat matematickou gramotnost \u017e\u00e1k\u016f, jejich motivaci, a p\u0159edev\u0161\u00edm rozv\u00edjet matematick\u00e9 znalosti a dovednosti tak, aby je efektivn\u011b vyu\u017eili v praxi. Toto vzd\u011bl\u00e1v\u00e1n\u00ed pedagog\u016f bude realizov\u00e1no formou vzd\u011bl\u00e1vac\u00edch aktivit M-konzulta\u010dn\u00edho a poradensk\u00e9ho centra, matematick\u00fdch d\u00edlen, jednodenn\u00edch p\u0159\u00edpravn\u00fdch matematick\u00fdch soust\u0159ed\u011bn\u00ed pro nadan\u00e9 \u017e\u00e1ky, exkurz\u00ed a krou\u017ek\u016f matematiky pro \u017e\u00e1ky. Nov\u011b vytvo\u0159en\u00e9 materi\u00e1ly budou k dispozici na platform\u011b M-v\u00fdukov\u00e9 materi\u00e1ly.<\/p>\n\n\n\n<p><a href=\"https:\/\/www.jcmm.cz\/projekt\/matematicka-gramotnost\" target=\"_blank\" rel=\"noreferrer noopener\">https:\/\/www.jcmm.cz\/projekt\/matematicka-gramotnost<\/a><\/p>\n\n\n\n<hr class=\"wp-block-separator has-css-opacity\"\/>\n\n\n\n<h2 class=\"wp-block-heading\" id=\"projekt-rekonstrukce-budovy-vybudovani-skolnich-dilen-zs-zastavka\">\u201eRekonstrukce budovy vybudov\u00e1n\u00ed \u0161koln\u00edch d\u00edlen Z\u0160 Zast\u00e1vka\u201c<\/h2>\n\n\n\n<figure class=\"wp-block-image size-full\"><img loading=\"lazy\" decoding=\"async\" width=\"1200\" height=\"177\" src=\"https:\/\/zszastavka.cz\/wp-content\/uploads\/2025\/01\/MMR-1.png\" alt=\"\" class=\"wp-image-22038\" style=\"object-fit:cover\" srcset=\"https:\/\/zszastavka.cz\/wp-content\/uploads\/2025\/01\/MMR-1.png 1200w, https:\/\/zszastavka.cz\/wp-content\/uploads\/2025\/01\/MMR-1-768x113.png 768w\" sizes=\"auto, (max-width: 1200px) 100vw, 1200px\" \/><\/figure>\n\n\n\n<p>P\u0159edm\u011btem p\u0159edkl\u00e1dan\u00e9ho projektu je modernizace odborn\u00e9 u\u010debny Z\u0160 Zast\u00e1vka (D\u00edlny). Projekt je nav\u00e1z\u00e1n na kl\u00ed\u010dov\u00e9 kompetence technick\u00e9 a \u0159emesln\u00e9 obory. V r\u00e1mci projektu dojde ke stavebn\u00edm \u00faprav\u00e1m dot\u010den\u00e9ho objektu, po\u0159\u00edzen\u00ed vybaven\u00ed u\u010debny a didaktick\u00fdch pom\u016fcek. D\u00e1le bude zaji\u0161t\u011bna bezbari\u00e9rovost prost\u0159ednictv\u00edm koup\u011b schodolezu a \u00fapravy WC. D\u00edky projektu dojde k podstatn\u00e9mu zkvalitn\u011bn\u00ed v\u00fduky.<\/p>\n\n\n\n<p><strong>Hlavn\u00edm c\u00edlem projektu je zv\u00fd\u0161en\u00ed kvality a dostupnosti infrastruktury z\u00e1kladn\u00edho vzd\u011bl\u00e1v\u00e1n\u00ed \u017e\u00e1k\u016f Z\u0160 Zast\u00e1vka, a to prost\u0159ednictv\u00edm realizace modernizace odborn\u00e9 u\u010debny pro v\u00fduku praktick\u00fdch \u010dinnost\u00ed v n\u00e1vaznosti na rozvoj kl\u00ed\u010dov\u00e9 kompetence technick\u00e9 a \u0159emesln\u00e9 obory.<\/strong> Dal\u0161\u00edm c\u00edlem je zaji\u0161t\u011bn\u00ed bezbari\u00e9rovosti prost\u0159ednictv\u00edm po\u0159\u00edzen\u00edm schodolezu a \u00fapravy WC.<\/p>\n\n\n\n<p class=\"has-vivid-cyan-blue-color has-text-color\">Projekt \u201eRekonstrukce budovy vybudov\u00e1n\u00ed \u0161koln\u00edch d\u00edlen Z\u0160 Zast\u00e1vka\u201c je spolufinancov\u00e1n Evropskou uni\u00ed.<\/p>\n\n\n\n<hr class=\"wp-block-separator has-css-opacity\"\/>\n\n\n\n<h6 class=\"wp-block-heading\" id=\"polygram\"><strong><a href=\"https:\/\/zszastavka.cz\/?page_id=241&amp;print=1\" title=\"Vytisni p\u0159\u00edsp\u011bvek\" rel=\"nofollow\"><img decoding=\"async\" class=\"WP-PrintIcon\" src=\"https:\/\/zszastavka.cz\/wp-content\/plugins\/wp-print\/images\/printer_famfamfam.gif\" alt=\"Vytisni p\u0159\u00edsp\u011bvek\" title=\"Vytisni p\u0159\u00edsp\u011bvek\" style=\"border: 0px;\" \/><\/a><\/strong><\/h6>\n","protected":false},"excerpt":{"rendered":"<p>N\u00e1stavba \u0161koly Z\u00e1kladn\u00ed \u0161kola a Mate\u0159sk\u00e1 \u0161kola T.G. Masaryka Zast\u00e1vka, N\u00e1stavba u\u010deben Hlavn\u00edm c\u00edlem projektu je nadstavba ve 4. NP, kde mimo jin\u00e9 vzniknou nov\u00e9 odborn\u00e9 u\u010debny a kabinety. Projekt z\u00e1rove\u0148 \u0159e\u0161\u00ed \u00fapravy i ve st\u00e1vaj\u00edc\u00edch prostor\u00e1ch, kdy v ka\u017ed\u00e9m podla\u017e\u00ed dojde ke stavebn\u00edm \u00faprav\u00e1m, vzniknou zde bezbari\u00e9rov\u00e1 WC nebo nov\u00fd v\u00fdtah. Projekt Z\u00e1kladn\u00ed \u0161kola&hellip;<\/p>\n","protected":false},"author":1,"featured_media":0,"parent":235,"menu_order":3,"comment_status":"closed","ping_status":"closed","template":"","meta":{"footnotes":""},"class_list":["post-241","page","type-page","status-publish","hentry"],"_links":{"self":[{"href":"https:\/\/zszastavka.cz\/index.php?rest_route=\/wp\/v2\/pages\/241","targetHints":{"allow":["GET"]}}],"collection":[{"href":"https:\/\/zszastavka.cz\/index.php?rest_route=\/wp\/v2\/pages"}],"about":[{"href":"https:\/\/zszastavka.cz\/index.php?rest_route=\/wp\/v2\/types\/page"}],"author":[{"embeddable":true,"href":"https:\/\/zszastavka.cz\/index.php?rest_route=\/wp\/v2\/users\/1"}],"replies":[{"embeddable":true,"href":"https:\/\/zszastavka.cz\/index.php?rest_route=%2Fwp%2Fv2%2Fcomments&post=241"}],"version-history":[{"count":20,"href":"https:\/\/zszastavka.cz\/index.php?rest_route=\/wp\/v2\/pages\/241\/revisions"}],"predecessor-version":[{"id":24399,"href":"https:\/\/zszastavka.cz\/index.php?rest_route=\/wp\/v2\/pages\/241\/revisions\/24399"}],"up":[{"embeddable":true,"href":"https:\/\/zszastavka.cz\/index.php?rest_route=\/wp\/v2\/pages\/235"}],"wp:attachment":[{"href":"https:\/\/zszastavka.cz\/index.php?rest_route=%2Fwp%2Fv2%2Fmedia&parent=241"}],"curies":[{"name":"wp","href":"https:\/\/api.w.org\/{rel}","templated":true}]}}