{"id":239,"date":"2020-04-26T21:01:10","date_gmt":"2020-04-26T19:01:10","guid":{"rendered":"https:\/\/wp.zszastavka.cz\/?page_id=239"},"modified":"2022-09-11T19:03:49","modified_gmt":"2022-09-11T17:03:49","slug":"historie-skoly","status":"publish","type":"page","link":"https:\/\/zszastavka.cz\/?page_id=239","title":{"rendered":"Historie \u0161koly"},"content":{"rendered":"<div\n\t\t\t\n\t\t\tclass=\"so-widget-sow-editor so-widget-sow-editor-base\"\n\t\t\t\n\t\t>\n<div class=\"siteorigin-widget-tinymce textwidget\">\n\t<p>P\u0159ed rokem 1865 chodily zast\u00e1veck\u00e9 d\u011bti do \u0161koly v Rosic\u00edch. V\u00a0tomto roce byla z\u0159\u00edzena \u010desk\u00e1 soukrom\u00e1 z\u00e1vodn\u00ed jednot\u0159\u00eddn\u00ed \u0161kola v\u00a0budov\u011b \u201eNa V\u00e1ze\u201c. Prvn\u00edch 90 \u017e\u00e1k\u016f zde vyu\u010doval hutn\u00ed dozorce Franti\u0161ek Beran. Roku 1870 se \u0161kola p\u0159est\u011bhovala do budovy \u010dp. 14 (v sou\u010dasnosti je zde um\u00edst\u011bn obecn\u00ed \u00fa\u0159ad). Budova slou\u017eila \u010desk\u00e9 i n\u011bmeck\u00e9 \u0161kole. V\u00a0roce 1873 byla \u0161kola roz\u0161\u00ed\u0159ena na dvojt\u0159\u00eddn\u00ed s vyu\u010dovac\u00edm jazykem \u010desk\u00fdm. Roku 1881 otev\u0159el n\u011bmeck\u00fd Schulverein n\u011bmeckou jednot\u0159\u00eddn\u00ed \u0161kolu, kter\u00e1 byla v roce 1919 zru\u0161ena.<\/p>\n<p><img loading=\"lazy\" decoding=\"async\" class=\"alignright wp-image-4034 size-full\" src=\"https:\/\/zszastavka.cz\/wp-content\/uploads\/2020\/05\/listina-1.jpg\" alt=\"\" width=\"192\" height=\"432\" \/><\/p>\n<p>Od 1. \u0159\u00edjna 1920 byly v t\u00e9to budov\u011b z\u0159\u00edzeny dv\u011b samostatn\u00e9 \u0161koly. M\u011b\u0161\u0165ansk\u00e1 \u2014 v\u00a0p\u0159\u00edzem\u00ed budovy, kde byl \u0159editelem Jakub Komenda, u\u010ditel\u00e9 Anton\u00edn Rada a Bo\u017eena \u017d\u00e1kov\u00e1. Obecn\u00e1 \u0161kola byla v prvn\u00edm poschod\u00ed a jej\u00edm nadu\u010ditelem byl Cyril Hrouzek, od roku 1928 Josef Kr\u0161ka, po n\u011bm pak Jaroslav Posp\u00ed\u0161il. Od roku 1923 se vyu\u010dovalo na m\u011b\u0161\u0165ansk\u00e9 \u0161kole ve t\u0159ech t\u0159\u00edd\u00e1ch s t\u0159\u00eddn\u00edmi u\u010diteli Anton\u00ednem Radou, Josefem Hunkesem a Rudolfem Kotlanem. V roce 1928 byl vypracov\u00e1n pl\u00e1n na stavbu nov\u00e9 \u0161koln\u00ed budovy pro obecnou a m\u011b\u0161\u0165anskou \u0161kolu v lese Nad \u0160achtou.<\/p>\n<p><img loading=\"lazy\" decoding=\"async\" class=\"alignleft wp-image-181 size-full\" src=\"https:\/\/zszastavka.cz\/wp-content\/uploads\/2020\/04\/zaklad_kamen-1.jpg\" alt=\"\" width=\"396\" height=\"285\" \/>Dne 29. \u010dervna 1930 byl polo\u017een z\u00e1kladn\u00ed k\u00e1men k nov\u00e9 budov\u011b. Do tohoto kamene byla vlo\u017eena pam\u011btn\u00ed listina s fotografiemi a podpisy v\u0161ech \u010dlen\u016f obecn\u00edho zastupitelstva i s plak\u00e1ty vydan\u00fdmi u p\u0159\u00edle\u017eitosti polo\u017een\u00ed z\u00e1kladn\u00edho kamene. Nov\u00e1 \u0161koln\u00ed budova byla slavnostn\u011b otev\u0159ena 28. srpna 1932. \u0158editelem m\u011b\u0161\u0165ansk\u00e9 \u0161koly byl Josef Hunkes a \u0159editelem obecn\u00e9 \u0161koly Josef Kr\u0161ka. Po obsazen\u00ed republiky fa\u0161istick\u00fdmi vojsky v b\u0159eznu 1939 byla \u0161kola zabr\u00e1na n\u011bmeck\u00fdm vojskem a vyu\u010dov\u00e1n\u00ed bylo p\u0159eru\u0161eno. Teprve 15. dubna se op\u011bt za\u010dalo vyu\u010dovat a to se zm\u011bnou v po\u010dtu hodin, se zaveden\u00edm povinn\u00e9 n\u011bm\u010diny i se z\u00e1kazem pou\u017e\u00edvat n\u011bkter\u00e9 u\u010debnice. V roce 1940 ode\u0161el do p\u0159ed\u010dasn\u00e9ho d\u016fchodu \u0159editel \u0161koly Josef Hunkes, b\u00fdval\u00fd francouzsk\u00fd legion\u00e1\u0159. Na jeho m\u00edsto byl jmenov\u00e1n RNDr. Anton\u00edn Rada. Po skon\u010den\u00ed II. sv\u011btov\u00e9 v\u00e1lky bylo vyu\u010dov\u00e1n\u00ed zah\u00e1jeno 24. kv\u011btna 1945 v poni\u010den\u00e9 budov\u011b. \u0160koln\u00ed rok byl ukon\u010den 19. \u010dervence 1945. Prvn\u00ed pov\u00e1le\u010dn\u00fd \u0161koln\u00ed rok byl zah\u00e1jen 3. z\u00e1\u0159\u00ed 1945 \u2013 \u0159editelem dr. Anton\u00ednem Radou a u\u010diteli Bo\u0159ivojem H\u00e1jkem, Dagmar Beranovou a Emili\u00ed Cemp\u00edrkovou. Roku 1953 byla v budov\u011b z\u0159\u00edzena jeden\u00e1ctilet\u00e1 st\u0159edn\u00ed \u0161kola (dne\u0161n\u00ed gymnasium) s \u0159editelem dr. Anton\u00ednem Radou, jeho z\u00e1stupcem byl Otto Kru\u017e\u00edk. Dne 31. srpna 1959 ode\u0161el Anton\u00edn Rada do d\u016fchodu a na jeho m\u00edsto nastoupil Jan \u017dalud. S jeho n\u00e1stupem a zapo\u010dala p\u0159\u00edstavba \u0161koly, a to v letech 1959-60. Kdy\u017e ode\u0161el do d\u016fchodu Jan \u017dalud v roce 1962 zast\u00e1val funkci \u0159editele obou \u0161kol Jaroslav Sankot, jeho z\u00e1stupcem byl Otto Kru\u017e\u00edk. V roce 1970 do\u0161lo k odd\u011blen\u00ed gymnasia od ZD\u0160. \u0158editelem ZD\u0160 byl jmenov\u00e1n Ing. Zden\u011bk Foral, jeho z\u00e1stupcem Bohuslav Kr\u010dma. \u0158editelem gymnasia se stal Stanislav \u0158eho\u0159ka. Od 1. z\u00e1\u0159\u00ed 1980 do 30. srpna 1984 vykon\u00e1vala funkci \u0159editelky \u0161koly Marie \u010cechovsk\u00e1, jej\u00edm z\u00e1stupcem byl Karel Dub\u0161\u00edk. Od 1. z\u00e1\u0159\u00ed 1984 do 30. srpna 1990 p\u016fsobila na z\u00e1kladn\u00ed \u0161kole jako \u0159editelka \u0161koly Mgr. Marie Uhl\u00ed\u0159ov\u00e1, jej\u00ed z\u00e1stupkyn\u00ed byla R\u016f\u017eena Chadimov\u00e1. V dob\u011b p\u016fsoben\u00ed \u0159editelky Marie Uhl\u00ed\u0159ov\u00e9 byla na \u0161kole zah\u00e1jena gener\u00e1ln\u00ed oprava \u0161koln\u00ed budovy. Vybudovala se nov\u00e1 kanalizace, byly odstran\u011bny nevyhovuj\u00edc\u00ed \u0161atny na chodb\u00e1ch, z\u0159\u00edzena nov\u00e1 soci\u00e1ln\u00ed za\u0159\u00edzen\u00ed, zrekonstruov\u00e1na st\u0159echa, t\u011blocvi\u010dna v\u010detn\u011b nov\u00fdch oken, kter\u00e1 byla vym\u011bn\u011bna i ve v\u00fdchodn\u00ed \u010d\u00e1sti budovy, a p\u0159ipravena nov\u00e1 fas\u00e1da \u0161koly, stavba plynov\u00e9 kotelny a sklen\u00edku. Tato oprava pokra\u010dovala i v dal\u0161\u00edch letech, kdy funkci \u0159editele \u0161koly vykon\u00e1val Josef Mamula (od 1. \u010dervence 1990 do 31. \u010dervence 1996). Gener\u00e1ln\u00ed oprava byla ukon\u010dena v roce 1992. Dne 7. b\u0159ezna 1990, v den 140. v\u00fdro\u010d\u00ed narozen\u00ed T. G. Masaryka, byl \u0161kole slavnostn\u011b navr\u00e1cen p\u016fvodn\u00ed n\u00e1zev Z\u00e1kladn\u00ed \u0161kola T. G. Masaryka. Stalo se tak rozhodnut\u00edm M\u0160MT \u010cSR ze dne 6. \u00fanora 1990, dekretem ze dne 7. b\u0159ezna 1990.<\/p>\n<p>Od 1. srpna 1996 vykon\u00e1val funkci \u0159editele \u0161koly RNDr. Petr Posp\u00ed\u0161il. D\u00edky vst\u0159\u00edcnosti Obecn\u00edho \u00fa\u0159adu Zast\u00e1vka byla \u0161kola postupn\u011b vybavov\u00e1na nov\u00fdm n\u00e1bytkem, byly vybudov\u00e1ny nov\u00e9 odborn\u00e9 u\u010debny \u2014 po\u010d\u00edta\u010dov\u00e1 u\u010debna, v\u00fdtvarn\u00e1 d\u00edlna, upraven \u0161koln\u00ed dv\u016fr apod.<\/p>\n<p>Od 1. srpna 2005 do 31. \u010dervence 2007 byla jmenov\u00e1na \u0159editelkou z\u00e1kladn\u00ed \u0161koly Mgr. V\u00edt\u011bzslava Radov\u00e1.<\/p>\n<\/div>\n<\/div>\n\n\n<p><strong><a href=\"https:\/\/zszastavka.cz\/?page_id=239&amp;print=1\" title=\"Vytisni p\u0159\u00edsp\u011bvek\" rel=\"nofollow\"><img decoding=\"async\" class=\"WP-PrintIcon\" src=\"https:\/\/zszastavka.cz\/wp-content\/plugins\/wp-print\/images\/printer_famfamfam.gif\" alt=\"Vytisni p\u0159\u00edsp\u011bvek\" title=\"Vytisni p\u0159\u00edsp\u011bvek\" style=\"border: 0px;\" \/><\/a><\/strong><\/p>\n","protected":false},"excerpt":{"rendered":"","protected":false},"author":1,"featured_media":0,"parent":235,"menu_order":1,"comment_status":"closed","ping_status":"closed","template":"","meta":{"footnotes":""},"class_list":["post-239","page","type-page","status-publish","hentry"],"_links":{"self":[{"href":"https:\/\/zszastavka.cz\/index.php?rest_route=\/wp\/v2\/pages\/239","targetHints":{"allow":["GET"]}}],"collection":[{"href":"https:\/\/zszastavka.cz\/index.php?rest_route=\/wp\/v2\/pages"}],"about":[{"href":"https:\/\/zszastavka.cz\/index.php?rest_route=\/wp\/v2\/types\/page"}],"author":[{"embeddable":true,"href":"https:\/\/zszastavka.cz\/index.php?rest_route=\/wp\/v2\/users\/1"}],"replies":[{"embeddable":true,"href":"https:\/\/zszastavka.cz\/index.php?rest_route=%2Fwp%2Fv2%2Fcomments&post=239"}],"version-history":[{"count":2,"href":"https:\/\/zszastavka.cz\/index.php?rest_route=\/wp\/v2\/pages\/239\/revisions"}],"predecessor-version":[{"id":13130,"href":"https:\/\/zszastavka.cz\/index.php?rest_route=\/wp\/v2\/pages\/239\/revisions\/13130"}],"up":[{"embeddable":true,"href":"https:\/\/zszastavka.cz\/index.php?rest_route=\/wp\/v2\/pages\/235"}],"wp:attachment":[{"href":"https:\/\/zszastavka.cz\/index.php?rest_route=%2Fwp%2Fv2%2Fmedia&parent=239"}],"curies":[{"name":"wp","href":"https:\/\/api.w.org\/{rel}","templated":true}]}}